{"version":"1.0","provider_name":"Der Stiftungsblog f\u00fcr die Stiftungspraxis","provider_url":"https:\/\/stiftungsmarktplatz.eu\/blog","title":"Stiftungsverm\u00f6gen und Leistungskraft - Der Stiftungsblog f\u00fcr die Stiftungspraxis","type":"rich","width":600,"height":338,"html":"<blockquote class=\"wp-embedded-content\" data-secret=\"EKfMR62cU7\"><a href=\"https:\/\/stiftungsmarktplatz.eu\/blog\/stiftungsvermoegen-und-leistungskraft\/\">Stiftungsverm\u00f6gen und Leistungskraft<\/a><\/blockquote><iframe sandbox=\"allow-scripts\" security=\"restricted\" src=\"https:\/\/stiftungsmarktplatz.eu\/blog\/stiftungsvermoegen-und-leistungskraft\/embed\/#?secret=EKfMR62cU7\" width=\"600\" height=\"338\" title=\"&#8222;Stiftungsverm\u00f6gen und Leistungskraft&#8220; &#8211; Der Stiftungsblog f\u00fcr die Stiftungspraxis\" data-secret=\"EKfMR62cU7\" frameborder=\"0\" marginwidth=\"0\" marginheight=\"0\" scrolling=\"no\" class=\"wp-embedded-content\"><\/iframe><script type=\"text\/javascript\">\n\/* <![CDATA[ *\/\n\/*! This file is auto-generated *\/\n!function(d,l){\"use strict\";l.querySelector&&d.addEventListener&&\"undefined\"!=typeof URL&&(d.wp=d.wp||{},d.wp.receiveEmbedMessage||(d.wp.receiveEmbedMessage=function(e){var t=e.data;if((t||t.secret||t.message||t.value)&&!\/[^a-zA-Z0-9]\/.test(t.secret)){for(var s,r,n,a=l.querySelectorAll('iframe[data-secret=\"'+t.secret+'\"]'),o=l.querySelectorAll('blockquote[data-secret=\"'+t.secret+'\"]'),c=new RegExp(\"^https?:$\",\"i\"),i=0;i<o.length;i++)o[i].style.display=\"none\";for(i=0;i<a.length;i++)s=a[i],e.source===s.contentWindow&&(s.removeAttribute(\"style\"),\"height\"===t.message?(1e3<(r=parseInt(t.value,10))?r=1e3:~~r<200&&(r=200),s.height=r):\"link\"===t.message&&(r=new URL(s.getAttribute(\"src\")),n=new URL(t.value),c.test(n.protocol))&&n.host===r.host&&l.activeElement===s&&(d.top.location.href=t.value))}},d.addEventListener(\"message\",d.wp.receiveEmbedMessage,!1),l.addEventListener(\"DOMContentLoaded\",function(){for(var e,t,s=l.querySelectorAll(\"iframe.wp-embedded-content\"),r=0;r<s.length;r++)(t=(e=s[r]).getAttribute(\"data-secret\"))||(t=Math.random().toString(36).substring(2,12),e.src+=\"#?secret=\"+t,e.setAttribute(\"data-secret\",t)),e.contentWindow.postMessage({message:\"ready\",secret:t},\"*\")},!1)))}(window,document);\n\/\/# sourceURL=https:\/\/stiftungsmarktplatz.eu\/blog\/wp-includes\/js\/wp-embed.min.js\n\/* ]]> *\/\n<\/script>\n","thumbnail_url":"https:\/\/stiftungsmarktplatz.eu\/blog\/wp-content\/uploads\/2021\/05\/Nachlese-Enfuehrende-Impulse-Mecking-Fritz.jpg","thumbnail_width":1200,"thumbnail_height":679,"description":"#vtfds2021 \u2013 die Nachlese: Die Leistungskraft des Stiftungsverm\u00f6gens leitet sich daraus ab, welche ordentlichen Ertr\u00e4ge f\u00fcr die Zweckverwirklichung zur Verf\u00fcgung stehen und wie zuk\u00fcnftig die notwendigen Zufl\u00fcsse erzielt werden k\u00f6nnen. Mit Dr. Christoph Mecking und Dr. Stefan Fritz, zwei ausgewiesenen Stiftungsexperten, sprachen wir beim zweiten Virtuellen Tag f\u00fcr das Stiftungsverm\u00f6gen \u00fcber den Begriff an sich, aber auch \u00fcber Mittel und Wege, wie die Leistungskraft des Stiftungsverm\u00f6gens zu st\u00e4rken ist."}